{"id":149,"date":"2024-03-02T17:16:16","date_gmt":"2024-03-02T17:16:16","guid":{"rendered":"https:\/\/www.sivatagirozsa.hu\/?page_id=149"},"modified":"2024-03-02T17:16:18","modified_gmt":"2024-03-02T17:16:18","slug":"adatkezelesi-tajekoztato","status":"publish","type":"page","link":"https:\/\/www.sivatagirozsa.hu\/?page_id=149","title":{"rendered":"Adatkezel\u00e9si t\u00e1j\u00e9koztat\u00f3"},"content":{"rendered":"\n<h2 class=\"wp-block-heading\">Kik vagyunk<\/h2>\n\n\n\n<p>A weboldalunk c\u00edme: https:\/\/www.sivatagirozsa.hu.<\/p>\n\n\n\n<p>Papp-Hajnal Helga az Eur\u00f3pai Parlament \u00e9s a Tan\u00e1cs (EU) 2016\/679 sz\u00e1m\u00fa, a term\u00e9szetes szem\u00e9lyeknek a szem\u00e9lyes adatok kezel\u00e9se tekintet\u00e9ben t\u00f6rt\u00e9n\u0151 v\u00e9delm\u00e9r\u0151l \u00e9s az ilyen adatok szabad \u00e1raml\u00e1s\u00e1r\u00f3l, valamint a 95\/46\/EK ir\u00e1nyelv hat\u00e1lyon k\u00edv\u00fcl helyez\u00e9s\u00e9r\u0151l sz\u00f3l\u00f3 \u00e1ltal\u00e1nos adatv\u00e9delmi rendelet\u00e9vel (tov\u00e1bbiakban: \u00c1ltal\u00e1nos Adatv\u00e9delmi Rendelet\/GDPR) \u00f6sszhangban az al\u00e1bbi t\u00e1j\u00e9koztat\u00e1st adja:<\/p>\n\n\n\n<p>Az adatkezel\u0151 neve: Papp-Hajnal Helga<\/p>\n\n\n\n<p>E-mail c\u00edm: <a href=\"mailto:hajnalhelga@sivatagirozsa.hu\">hajnalhelga@sivatagirozsa.hu<\/a><\/p>\n\n\n\n<p>T\u00e1rhelszolg\u00e1ltat\u00f3: www.websupport.hu<\/p>\n\n\n\n<h2 class=\"wp-block-heading\">Hozz\u00e1sz\u00f3l\u00e1sok<\/h2>\n\n\n\n<p>Hozz\u00e1sz\u00f3l\u00e1s bek\u00fcld\u00e9sekor a hozz\u00e1sz\u00f3l\u00e1si \u0171rlapban megadottakon k\u00edv\u00fcl begy\u0171jt\u00e9sre ker\u00fcl a hozz\u00e1sz\u00f3l\u00f3 IP c\u00edme \u00e9s a b\u00f6ng\u00e9sz\u0151azonos\u00edt\u00f3 karakterl\u00e1nc a k\u00e9retlen tartalmak kisz\u0171r\u00e9se c\u00e9lj\u00e1b\u00f3l.<\/p>\n\n\n\n<p>Egy szem\u00e9lytelen\u00edtett, az e-mail c\u00edmb\u0151l el\u0151\u00e1ll\u00edtott karakterl\u00e1nc (hashnek szok\u00e1s nevezni) ker\u00fcl tov\u00e1bb\u00edt\u00e1sra a Gravatar szolg\u00e1ltat\u00e1s fel\u00e9, ha ez az oldalon haszn\u00e1latban van. A Gravatar szolg\u00e1ltat\u00e1s felt\u00e9telei az al\u00e1bbi c\u00edmen tekinthet\u0151ek meg: https:\/\/automattic.com\/privacy\/. A hozz\u00e1sz\u00f3l\u00e1s elfogad\u00e1sa ut\u00e1n, a hozz\u00e1sz\u00f3l\u00e1sunk tartalma \u00e9s a profil k\u00e9p\u00fcnk is megjelenik nyilv\u00e1nosan.<\/p>\n\n\n\n<h2 class=\"wp-block-heading\">M\u00e9dia<\/h2>\n\n\n\n<p>Amennyiben regisztr\u00e1lt felhaszn\u00e1l\u00f3 \u00e1ltal ker\u00fcl k\u00e9p felt\u00f6lt\u00e9sre a honlapra, ker\u00fclni kell az az olyan EXIF-eket, amelyekben GPS poz\u00edci\u00f3 adatok is szerepelnek. A honlap l\u00e1togat\u00f3i ezeket let\u00f6lthetik \u00e9s kinyerhetik a helyadatokat a honlapon tal\u00e1lhat\u00f3 k\u00e9pekb\u0151l.<\/p>\n\n\n\n<h2 class=\"wp-block-heading\">S\u00fctik<\/h2>\n\n\n\n<p><strong class=\"privacy-policy-tutorial\"> <\/strong>Ha hozz\u00e1sz\u00f3l\u00e1st \u00edrunk a honlapon, a megadott nevet, e-mail \u00e9s honlap c\u00edmet s\u00fctikben elt\u00e1roljuk. A t\u00e1rol\u00e1s a k\u00e9nyelmi c\u00e9lokat szolg\u00e1l az\u00e9rt, \u00edgy a k\u00f6vetkez\u0151 hozz\u00e1sz\u00f3l\u00e1skor ezeket a mez\u0151 adatokat nem kell kit\u00f6lteni. A s\u00fctik lej\u00e1rati ideje egy \u00e9v.<\/p>\n\n\n\n<p>Ha ell\u00e1togatunk a bejelentkez\u00e9si oldalra, akkor \u00e1tmeneti s\u00fctiket \u00e1ll\u00edtunk be annak \u00e9rdek\u00e9ben, hogy meg\u00e1llap\u00edtsuk, hogy a b\u00f6ng\u00e9sz\u0151 elfogadja-e a s\u00fctiket. Ezek a s\u00fctik nem tartalmaznak szem\u00e9lyes inform\u00e1ci\u00f3t, \u00e9s t\u00f6rl\u0151dnek, ahogy bez\u00e1rjuk a b\u00f6ng\u00e9sz\u0151t.<\/p>\n\n\n\n<p>A honlapra t\u00f6rt\u00e9n\u0151 bejelentkez\u00e9skor t\u00f6bb s\u00fctit hozunk l\u00e9tre, amely elmenti a bejelentkez\u00e9si inform\u00e1ci\u00f3t \u00e9s a szerkeszt\u0151fel\u00fclet megjelen\u00edt\u00e9si opci\u00f3it. A bejelentkez\u00e9si s\u00fctik k\u00e9t napig \u00e9rv\u00e9nyesek, a szerkeszt\u0151fel\u00fclet k\u00e9perny\u0151 opci\u00f3it t\u00e1rol\u00f3 s\u00fcti egy \u00e9vig. Amennyiben az &#8222;Eml\u00e9kezz r\u00e1m&#8221; opci\u00f3t bejel\u00f6lj\u00fck, a bejelentkez\u00e9s k\u00e9t h\u00e9tig folytat\u00f3dik. Kijelentkez\u00e9skor a bejelentkez\u00e9si s\u00fctik elt\u00e1vol\u00edt\u00e1sra ker\u00fclnek.<\/p>\n\n\n\n<p>Amennyiben bejegyz\u00e9st vagy oldalt szerkeszt\u00fcnk, egy \u00fajabb s\u00fctit t\u00e1rol el a b\u00f6ng\u00e9sz\u0151nk. Ez a s\u00fcti nem tartalmaz szem\u00e9lyes adatot, egyszer\u0171en csak a bejegyz\u00e9s azonos\u00edt\u00f3 sz\u00e1m\u00e1t t\u00e1rolja, amelyet szerkesztett\u00fcnk. Egy nap m\u00falva j\u00e1r le az \u00e9rv\u00e9nyess\u00e9ge.<\/p>\n\n\n\n<h2 class=\"wp-block-heading\">M\u00e1s honlapokr\u00f3l sz\u00e1rmaz\u00f3 be\u00e1gyazott tartalmak<\/h2>\n\n\n\n<p>A honlapon el\u00e9rhet\u0151 bejegyz\u00e9sek k\u00fcls\u0151 forr\u00e1sb\u00f3l sz\u00e1rmaz\u00f3 be\u00e1gyazott tartalmakat (pl. vide\u00f3k, k\u00e9pek, cikkek stb.) haszn\u00e1lhatnak. A k\u00fcls\u0151 forr\u00e1sb\u00f3l sz\u00e1rmaz\u00f3 be\u00e1gyazott tartalmak pontosan \u00fagy viselkednek, mintha megl\u00e1togattunk volna egy m\u00e1sik honlapot.<\/p>\n\n\n\n<p>Ezek a webhelyek lehets\u00e9ges, hogy adatot gy\u0171jtenek a l\u00e1togat\u00f3kr\u00f3l, s\u00fctiket vagy harmadik f\u00e9lt\u0151l sz\u00e1rmaz\u00f3 k\u00f6vet\u0151k\u00f3dot haszn\u00e1lnak, figyelik a be\u00e1gyazott tartalommal kapcsolatos felhaszn\u00e1l\u00f3i viselked\u00e9st, ha rendelkez\u00fcnk felhaszn\u00e1l\u00f3i fi\u00f3kkal \u00e9s be vagyunk jelentkezve az oldalra.<\/p>\n\n\n\n<h2 class=\"wp-block-heading\">Kivel osztjuk meg a felhaszn\u00e1l\u00f3i adatokat<\/h2>\n\n\n\n<p>Ha jelsz\u00f3 vissza\u00e1ll\u00edt\u00e1st k\u00e9r, akkor az IP-c\u00edmet a vissza\u00e1ll\u00edt\u00f3 e-mail tartalmazni fogja.<\/p>\n\n\n\n<h2 class=\"wp-block-heading\">Mennyi ideig \u0151rizz\u00fck a szem\u00e9lyes adatot<\/h2>\n\n\n\n<p><strong class=\"privacy-policy-tutorial\"> <\/strong>Ha hozz\u00e1sz\u00f3lunk, a hozz\u00e1sz\u00f3l\u00e1s \u00e9s annak metaadatai nem meghat\u00e1rozhat\u00f3 ideig a rendszerben maradnak. Ennek c\u00e9lja, hogy az \u00f6sszes ezt k\u00f6vet\u0151 b\u00e1rmely hozz\u00e1sz\u00f3l\u00e1s \u00e1ltalunk megismertt\u00e9 \u00e9s j\u00f3v\u00e1hagyott\u00e1 v\u00e1ljon, azaz ne ker\u00fclj\u00f6n fel a moder\u00e1land\u00f3 hozz\u00e1sz\u00f3l\u00e1sok list\u00e1j\u00e1ra.<\/p>\n\n\n\n<p>A honlapon regisztr\u00e1lt felhaszn\u00e1l\u00f3k (ha vannak ilyenek) szem\u00e9lyes adatai a saj\u00e1t felhaszn\u00e1l\u00f3i profiljukban is t\u00e1rol\u00e1sra ker\u00fclnek. Minden felhaszn\u00e1l\u00f3 megtekintheti, szerkesztheti vagy t\u00f6r\u00f6lheti a szem\u00e9lyes adatait b\u00e1rmikor (kiv\u00e9ve, hogy nem v\u00e1ltoztathatja meg a saj\u00e1t felhaszn\u00e1l\u00f3nev\u00e9t). A honlap rendszergazd\u00e1i ezen inform\u00e1ci\u00f3kat szint\u00e9n megtekinthetik \u00e9s szerkeszthetik.<\/p>\n\n\n\n<h2 class=\"wp-block-heading\">Milyen jogokkal rendelkezik a felhaszn\u00e1l\u00f3 a saj\u00e1t adatai kapcs\u00e1n<\/h2>\n\n\n\n<p><strong class=\"privacy-policy-tutorial\"> <\/strong>A weboldalon regisztr\u00e1lt fi\u00f3k vagy hozz\u00e1sz\u00f3l\u00e1s \u00edr\u00e1sa eset\u00e9n k\u00e9rhet\u0151 a szem\u00e9lyes adatok export f\u00e1jlban t\u00f6rt\u00e9n\u0151 megk\u00fcld\u00e9se, amely b\u00e1rmilyen adatot tartalmaz, amit kor\u00e1bban a felhaszn\u00e1l\u00f3 rendelkez\u00e9s\u00fcnkre bocs\u00e1tott. K\u00e9rhet\u0151 tov\u00e1bb\u00e1, hogy b\u00e1rmilyen kor\u00e1bban megadott szem\u00e9lyes adatot t\u00f6r\u00f6lj\u00fck. Ez nem vonatkozik azokra az adatokra, amelyeket adminisztr\u00e1ci\u00f3s, jogi vagy biztons\u00e1gi okokb\u00f3l k\u00f6telez\u0151 meg\u0151rizn\u00fcnk.<\/p>\n\n\n\n<h2 class=\"wp-block-heading\">Where your data is sent<\/h2>\n\n\n\n<p>A l\u00e1togat\u00f3k \u00e1ltal bek\u00fcld\u00f6tt hozz\u00e1sz\u00f3l\u00e1sokat automatikus spamsz\u0171r\u0151 szolg\u00e1ltat\u00e1s ellen\u0151rizheti.<\/p>\n\n\n\n<p>A weboldal felhaszn\u00e1l\u00f3i a weboldalon tal\u00e1lhat\u00f3 kapcsolatfelv\u00e9teli \u0171rlap kit\u00f6lt\u00e9s\u00e9vel felvehetik a kapcsolatot az Adatkezel\u0151vel.<br>\u00c9rintettek: a kapcsolatfelv\u00e9teli \u0171rlapot kit\u00f6lt\u0151 mag\u00e1nszem\u00e9lyek.<br>Az adatkezel\u00e9s c\u00e9lja a kapcsolattart\u00e1s a kapcsolatfelv\u00e9telt kezdem\u00e9nyez\u0151 \u00e9rintettel, v\u00e1laszad\u00e1s a megkeres\u00e9sre, megkeres\u00e9sben feltett k\u00e9rd\u00e9sek megv\u00e1laszol\u00e1sa, \u00e1ltal\u00e1nos \u00fcgyint\u00e9z\u00e9s a kapcsolatfelv\u00e9tellel kapcsolatban.<br>Az adatkezel\u00e9s jogalapja Az adatkezel\u00e9s a GDPR 6. cikk (1) bekezd\u00e9s a) pontj\u00e1n alapul, az adatkezel\u00e9s jogalapja az \u00e9rintett hozz\u00e1j\u00e1rul\u00e1sa a szem\u00e9lyes adatai kezel\u00e9s\u00e9hez.<br>\u00a0<br>A kezelt adatok k\u00f6re:<br>\u2022 \u00e9rintett neve,<br>\u2022 \u00e9rintett e-mail c\u00edme,<br>\u2022 egy\u00e9b, az \u00e9rintett \u00e1ltal a kapcsolatfelv\u00e9teli \u0171rlapon megadott adatok.<br>\u00a0<br>Hozz\u00e1j\u00e1rul\u00e1s visszavon\u00e1sa: \u00d6n az adatkezel\u00e9shez adott hozz\u00e1j\u00e1rul\u00e1s\u00e1t b\u00e1rmikor visszavonhatja. Amennyiben \u00d6n a hozz\u00e1j\u00e1rul\u00e1s\u00e1t visszavonja az Adatkezel\u0151 t\u00f6rli az \u00d6nnel folytatott levelez\u00e9st. A hozz\u00e1j\u00e1rul\u00e1s visszavon\u00e1sa nem \u00e9rinti a hozz\u00e1j\u00e1rul\u00e1son alapul\u00f3, a visszavon\u00e1s el\u0151tti adatkezel\u00e9s jogszer\u0171s\u00e9g\u00e9t. A hozz\u00e1j\u00e1rul\u00e1s\u00e1t ak\u00e1r postai, ak\u00e1r elektronikus \u00faton a honlapon kereszt\u00fcl tudja kezdem\u00e9nyezni.<br>Az adatkezel\u00e9s id\u0151tartama az \u00e9rintett hozz\u00e1j\u00e1rul\u00e1s\u00e1nak visszavon\u00e1s\u00e1ig tart.<br>Adatkezel\u0151 csak kiv\u00e9teles esetben \u00e9s jogszab\u00e1lyi k\u00f6telezetts\u00e9g alapj\u00e1n adja \u00e1t az \u00c9rintett szem\u00e9lyes adatait \u00e1llami szervek, hat\u00f3s\u00e1gok \u2013 \u00edgy k\u00fcl\u00f6n\u00f6sen b\u00edr\u00f3s\u00e1g, \u00fcgy\u00e9szs\u00e9g, nyomoz\u00f3 hat\u00f3s\u00e1g \u00e9s szab\u00e1lys\u00e9rt\u00e9si hat\u00f3s\u00e1g, Nemzeti Adatv\u00e9delmi \u00e9s Inform\u00e1ci\u00f3szabads\u00e1g Hat\u00f3s\u00e1g \u2013 sz\u00e1m\u00e1ra.<br>Az adatkezel\u00e9s sor\u00e1n automatiz\u00e1lt d\u00f6nt\u00e9shozatalra, ide\u00e9rtve a profilalkot\u00e1st is, nem ker\u00fcl sor.<br>Az \u00e9rintett jogosult arra, hogy az adatkezel\u0151t\u0151l visszajelz\u00e9st kapjon arra vonatkoz\u00f3an, hogy szem\u00e9lyes adatainak kezel\u00e9se folyamatban van-e, \u00e9s ha ilyen adatkezel\u00e9s folyamatban van, jogosult arra, hogy a szem\u00e9lyes adatokhoz \u00e9s a k\u00f6vetkez\u0151 inform\u00e1ci\u00f3khoz hozz\u00e1f\u00e9r\u00e9st kapjon:<br>\u2022 adatkezel\u0151 \u00e1ltal kezelt, adatokr\u00f3l, az \u00e9rintett szem\u00e9lyes adatok kateg\u00f3ri\u00e1ir\u00f3l,<br>\u2022 ha az adatokat nem az \u00e9rintett\u0151l gy\u0171jt\u00f6tt\u00e9k, a forr\u00e1sukra vonatkoz\u00f3 minden el\u00e9rhet\u0151 inform\u00e1ci\u00f3,<br>\u2022 az adatkezel\u00e9s c\u00e9lj\u00e1r\u00f3l, jogalapj\u00e1r\u00f3l,<br>\u2022 adott esetben a szem\u00e9lyes adatok t\u00e1rol\u00e1s\u00e1nak tervezett id\u0151tartama, vagy ha ez nem lehets\u00e9ges, ezen id\u0151tartam meghat\u00e1roz\u00e1s\u00e1nak szempontjai;<br>\u2022 azon c\u00edmzettek vagy c\u00edmzettek kateg\u00f3ri\u00e1i, akikkel, illetve amelyekkel a szem\u00e9lyes adatokat k\u00f6z\u00f6lt\u00e9k vagy k\u00f6z\u00f6lni fogj\u00e1k, ide\u00e9rtve k\u00fcl\u00f6n\u00f6sen a harmadik orsz\u00e1gbeli c\u00edmzetteket, illetve a nemzetk\u00f6zi szervezeteket;<br>\u2022 az \u00e9rintett azon jog\u00e1r\u00f3l, hogy k\u00e9relmezheti az adatkezel\u0151t\u0151l a r\u00e1 vonatkoz\u00f3 szem\u00e9lyes adatok helyesb\u00edt\u00e9s\u00e9t, t\u00f6rl\u00e9s\u00e9t vagy kezel\u00e9s\u00e9nek korl\u00e1toz\u00e1s\u00e1t, \u00e9s tiltakozhat az ilyen szem\u00e9lyes adatok kezel\u00e9se ellen,<br>\u2022 a fel\u00fcgyeleti hat\u00f3s\u00e1ghoz c\u00edmzett panasz beny\u00fajt\u00e1s\u00e1nak jog\u00e1r\u00f3l,<br>Az \u00c9rintett k\u00e9r\u00e9s\u00e9re az Adatkezel\u0151 az adatkezel\u00e9s t\u00e1rgy\u00e1t k\u00e9pez\u0151 szem\u00e9lyes adatok m\u00e1solat\u00e1t az \u00c9rintett rendelkez\u00e9s\u00e9re bocs\u00e1tja els\u0151 alkalommal d\u00edjmentesen. Az \u00c9rintett \u00e1ltal k\u00e9rt tov\u00e1bbi m\u00e1solatok\u00e9rt az adatkezel\u0151 az adminisztrat\u00edv k\u00f6lts\u00e9geken alapul\u00f3, d\u00edjat sz\u00e1m\u00edthat fel. Az adatbiztons\u00e1gi k\u00f6vetelm\u00e9nyek teljes\u00fcl\u00e9se \u00e9s az \u00e9rintett jogainak v\u00e9delme \u00e9rdek\u00e9ben az Adatkezel\u0151 k\u00f6teles meggy\u0151z\u0151dni az \u00e9rintett \u00e9s a hozz\u00e1f\u00e9r\u00e9si jog\u00e1val \u00e9lni k\u00edv\u00e1n\u00f3 szem\u00e9ly szem\u00e9lyazonoss\u00e1g\u00e1nak egyez\u00e9s\u00e9r\u0151l, ennek \u00e9rdek\u00e9ben a t\u00e1j\u00e9koztat\u00e1s, az adatokba t\u00f6rt\u00e9n\u0151 betekint\u00e9s, illetve azokr\u00f3l m\u00e1solat kiad\u00e1sa is az \u00e9rintett szem\u00e9ly\u00e9nek azonos\u00edt\u00e1s\u00e1hoz k\u00f6t\u00f6tt.<br>Az \u00c9rintett jogosult arra, hogy k\u00e9r\u00e9s\u00e9re az Adatkezel\u0151 indokolatlan k\u00e9sedelem n\u00e9lk\u00fcl helyesb\u00edtse a r\u00e1 vonatkoz\u00f3 pontatlan szem\u00e9lyes adatokat.<br>Az \u00c9rintett jogosult arra, hogy k\u00e9r\u00e9s\u00e9re az Adatkezel\u0151 indokolatlan k\u00e9sedelem n\u00e9lk\u00fcl t\u00f6r\u00f6lje az \u00c9rintettre vonatkoz\u00f3 szem\u00e9lyes adatokat, amennyiben a jogszab\u00e1lyban r\u00f6gz\u00edtett indokok valamelyike fenn\u00e1ll.<br>Az \u00c9rintett jogosult arra, hogy k\u00e9r\u00e9s\u00e9re az Adatkezel\u0151 korl\u00e1tozza az adatkezel\u00e9st, ha az al\u00e1bbiak valamelyike teljes\u00fcl:<br>1. a) az \u00e9rintett vitatja a szem\u00e9lyes adatok pontoss\u00e1g\u00e1t, ez esetben a korl\u00e1toz\u00e1s arra az id\u0151tartamra vonatkozik, amely lehet\u0151v\u00e9 teszi, hogy az adatkezel\u0151 ellen\u0151rizze a szem\u00e9lyes adatok pontoss\u00e1g\u00e1t;<br>2. b) az adatkezel\u00e9s jogellenes, \u00e9s az \u00e9rintett ellenzi az adatok t\u00f6rl\u00e9s\u00e9t, \u00e9s ehelyett k\u00e9ri azok felhaszn\u00e1l\u00e1s\u00e1nak korl\u00e1toz\u00e1s\u00e1t;<br>3. c) az adatkezel\u0151nek m\u00e1r nincs sz\u00fcks\u00e9ge a szem\u00e9lyes adatokra adatkezel\u00e9s c\u00e9lj\u00e1b\u00f3l, de az \u00e9rintett ig\u00e9nyli azokat jogi ig\u00e9nyek el\u0151terjeszt\u00e9s\u00e9hez, \u00e9rv\u00e9nyes\u00edt\u00e9s\u00e9hez vagy v\u00e9delm\u00e9hez; vagy<br>4. d) az \u00e9rintett a GDPR 21. cikk (1) bekezd\u00e9se szerint tiltakozott az adatkezel\u00e9s ellen; ez esetben a korl\u00e1toz\u00e1s arra az id\u0151tartamra vonatkozik, am\u00edg meg\u00e1llap\u00edt\u00e1sra nem ker\u00fcl, hogy az adatkezel\u0151 jogos indokai els\u0151bbs\u00e9get \u00e9lveznek-e az \u00e9rintett jogos indokaival szemben. Ha az adatkezel\u00e9s korl\u00e1toz\u00e1s al\u00e1 esik, az ilyen szem\u00e9lyes adatokat a t\u00e1rol\u00e1s kiv\u00e9tel\u00e9vel csak az \u00c9rintett hozz\u00e1j\u00e1rul\u00e1s\u00e1val, vagy jogi ig\u00e9nyek el\u0151terjeszt\u00e9s\u00e9hez, \u00e9rv\u00e9nyes\u00edt\u00e9s\u00e9hez vagy v\u00e9delm\u00e9hez, vagy m\u00e1s term\u00e9szetes vagy jogi szem\u00e9ly jogainak v\u00e9delme \u00e9rdek\u00e9ben, vagy az Uni\u00f3, illetve valamely tag\u00e1llam fontos k\u00f6z\u00e9rdek\u00e9b\u0151l lehet kezelni.<br>Az \u00c9rintett szem\u00e9ly saj\u00e1t helyzet\u00e9vel kapcsolatos okokb\u00f3l b\u00e1rmikor tiltakozhat az adatkezel\u00e9s ellen, ha \u00e1ll\u00e1spontja szerint az Adatkezel\u0151 a szem\u00e9lyes adat\u00e1t a jelen adatkezel\u00e9si t\u00e1j\u00e9koztat\u00f3ban megjel\u00f6lt c\u00e9llal \u00f6sszef\u00fcgg\u00e9sben nem megfelel\u0151en kezeln\u00e9. Ebben az esetben az Adatkezel\u0151nek kell igazolnia, hogy a szem\u00e9lyes adat kezel\u00e9s\u00e9t olyan k\u00e9nyszer\u00edt\u0151 erej\u0171 jogos okok indokolj\u00e1k, amelyek els\u0151bbs\u00e9get \u00e9lveznek az \u00e9rintett \u00e9rdekeivel, jogaival \u00e9s szabads\u00e1gaival szemben, vagy amelyek jogi ig\u00e9nyek el\u0151terjeszt\u00e9s\u00e9hez, \u00e9rv\u00e9nyes\u00edt\u00e9s\u00e9hez vagy v\u00e9delm\u00e9hez kapcsol\u00f3dnak.<br>\u00a0<br>Az \u00c9rintettnek lehet\u0151s\u00e9ge van adatainak v\u00e9delme \u00e9rdek\u00e9ben b\u00edr\u00f3s\u00e1ghoz fordulni. A b\u00edr\u00f3s\u00e1g az \u00fcgyben soron k\u00edv\u00fcl j\u00e1r el. A per \u2013 az \u00c9rintett v\u00e1laszt\u00e1sa szerint \u2013 az \u00c9rintett lak\u00f3helye vagy tart\u00f3zkod\u00e1si helye, illetve a Hat\u00f3s\u00e1g sz\u00e9khelye szerint illet\u00e9kes T\u00f6rv\u00e9nysz\u00e9k el\u0151tt is megind\u00edthat\u00f3. A lak\u00f3helye vagy tart\u00f3zkod\u00e1si helye szerinti t\u00f6rv\u00e9nysz\u00e9ket megkeresheti a http:\/\/birosag.hu\/ugyfelkapcsolati-portal\/birosag-kereso 10 oldalon.<br>A Hat\u00f3s\u00e1g sz\u00e9khelye szerint a perre a F\u0151v\u00e1rosi T\u00f6rv\u00e9nysz\u00e9k rendelkezik illet\u00e9kess\u00e9ggel. Az \u00c9rintett a szem\u00e9lyes adatai kezel\u00e9s\u00e9vel kapcsolatos panasz eset\u00e9n a Nemzeti Adatv\u00e9delmi \u00e9s Inform\u00e1ci\u00f3szabads\u00e1g Hat\u00f3s\u00e1ghoz is fordulhat (Nemzeti Adatv\u00e9delmi \u00e9s Inform\u00e1ci\u00f3szabads\u00e1g Hat\u00f3s\u00e1g, postai c\u00edm: 1363 Budapest, Pf.: 9., c\u00edm: 1055 Budapest, Falk Miksa utca 9-11., Telefon: +36 (1) 391-1400; Fax: +36 (1) 391-1410; E-mail: ugyfelszolgalat@naih.hu<\/p>\n","protected":false},"excerpt":{"rendered":"<p>Kik vagyunk A weboldalunk c\u00edme: https:\/\/www.sivatagirozsa.hu. Papp-Hajnal Helga az Eur\u00f3pai Parlament \u00e9s a Tan\u00e1cs (EU) 2016\/679 sz\u00e1m\u00fa, a term\u00e9szetes szem\u00e9lyeknek a szem\u00e9lyes adatok kezel\u00e9se tekintet\u00e9ben t\u00f6rt\u00e9n\u0151 v\u00e9delm\u00e9r\u0151l \u00e9s az ilyen adatok szabad \u00e1raml\u00e1s\u00e1r\u00f3l, valamint a 95\/46\/EK ir\u00e1nyelv hat\u00e1lyon k\u00edv\u00fcl helyez\u00e9s\u00e9r\u0151l sz\u00f3l\u00f3 \u00e1ltal\u00e1nos adatv\u00e9delmi rendelet\u00e9vel (tov\u00e1bbiakban: \u00c1ltal\u00e1nos Adatv\u00e9delmi Rendelet\/GDPR) \u00f6sszhangban az al\u00e1bbi t\u00e1j\u00e9koztat\u00e1st adja: Az adatkezel\u0151 [&hellip;]<\/p>\n","protected":false},"author":1,"featured_media":0,"parent":0,"menu_order":0,"comment_status":"closed","ping_status":"closed","template":"","meta":{"_monsterinsights_skip_tracking":false,"_monsterinsights_sitenote_active":false,"_monsterinsights_sitenote_note":"","_monsterinsights_sitenote_category":0,"footnotes":""},"yoast_head":"<!-- This site is optimized with the Yoast SEO plugin v22.8 - https:\/\/yoast.com\/wordpress\/plugins\/seo\/ -->\n<title>Adatkezel\u00e9si t\u00e1j\u00e9koztat\u00f3 - Sivatagi r\u00f3zsa<\/title>\n<meta name=\"robots\" content=\"index, follow, max-snippet:-1, max-image-preview:large, max-video-preview:-1\" \/>\n<link rel=\"canonical\" href=\"https:\/\/www.sivatagirozsa.hu\/?page_id=149\" \/>\n<meta property=\"og:locale\" content=\"hu_HU\" \/>\n<meta property=\"og:type\" content=\"article\" \/>\n<meta property=\"og:title\" content=\"Adatkezel\u00e9si t\u00e1j\u00e9koztat\u00f3 - Sivatagi r\u00f3zsa\" \/>\n<meta property=\"og:description\" content=\"Kik vagyunk A weboldalunk c\u00edme: https:\/\/www.sivatagirozsa.hu. Papp-Hajnal Helga az Eur\u00f3pai Parlament \u00e9s a Tan\u00e1cs (EU) 2016\/679 sz\u00e1m\u00fa, a term\u00e9szetes szem\u00e9lyeknek a szem\u00e9lyes adatok kezel\u00e9se tekintet\u00e9ben t\u00f6rt\u00e9n\u0151 v\u00e9delm\u00e9r\u0151l \u00e9s az ilyen adatok szabad \u00e1raml\u00e1s\u00e1r\u00f3l, valamint a 95\/46\/EK ir\u00e1nyelv hat\u00e1lyon k\u00edv\u00fcl helyez\u00e9s\u00e9r\u0151l sz\u00f3l\u00f3 \u00e1ltal\u00e1nos adatv\u00e9delmi rendelet\u00e9vel (tov\u00e1bbiakban: \u00c1ltal\u00e1nos Adatv\u00e9delmi Rendelet\/GDPR) \u00f6sszhangban az al\u00e1bbi t\u00e1j\u00e9koztat\u00e1st adja: Az adatkezel\u0151 [&hellip;]\" \/>\n<meta property=\"og:url\" content=\"https:\/\/www.sivatagirozsa.hu\/?page_id=149\" \/>\n<meta property=\"og:site_name\" content=\"Sivatagi r\u00f3zsa\" \/>\n<meta property=\"article:modified_time\" content=\"2024-03-02T17:16:18+00:00\" \/>\n<meta name=\"twitter:card\" content=\"summary_large_image\" \/>\n<meta name=\"twitter:label1\" content=\"Becs\u00fclt olvas\u00e1si id\u0151\" \/>\n\t<meta name=\"twitter:data1\" content=\"8 perc\" \/>\n<script type=\"application\/ld+json\" class=\"yoast-schema-graph\">{\"@context\":\"https:\/\/schema.org\",\"@graph\":[{\"@type\":\"WebPage\",\"@id\":\"https:\/\/www.sivatagirozsa.hu\/?page_id=149\",\"url\":\"https:\/\/www.sivatagirozsa.hu\/?page_id=149\",\"name\":\"Adatkezel\u00e9si t\u00e1j\u00e9koztat\u00f3 - Sivatagi r\u00f3zsa\",\"isPartOf\":{\"@id\":\"https:\/\/www.sivatagirozsa.hu\/#website\"},\"datePublished\":\"2024-03-02T17:16:16+00:00\",\"dateModified\":\"2024-03-02T17:16:18+00:00\",\"breadcrumb\":{\"@id\":\"https:\/\/www.sivatagirozsa.hu\/?page_id=149#breadcrumb\"},\"inLanguage\":\"hu\",\"potentialAction\":[{\"@type\":\"ReadAction\",\"target\":[\"https:\/\/www.sivatagirozsa.hu\/?page_id=149\"]}]},{\"@type\":\"BreadcrumbList\",\"@id\":\"https:\/\/www.sivatagirozsa.hu\/?page_id=149#breadcrumb\",\"itemListElement\":[{\"@type\":\"ListItem\",\"position\":1,\"name\":\"Home\",\"item\":\"https:\/\/www.sivatagirozsa.hu\/\"},{\"@type\":\"ListItem\",\"position\":2,\"name\":\"Adatkezel\u00e9si t\u00e1j\u00e9koztat\u00f3\"}]},{\"@type\":\"WebSite\",\"@id\":\"https:\/\/www.sivatagirozsa.hu\/#website\",\"url\":\"https:\/\/www.sivatagirozsa.hu\/\",\"name\":\"Sivatagi r\u00f3zsa\",\"description\":\"Helgi blogja hitr\u0151l, csal\u00e1dr\u00f3l, finoms\u00e1gokr\u00f3l a tany\u00e1r\u00f3l.\",\"potentialAction\":[{\"@type\":\"SearchAction\",\"target\":{\"@type\":\"EntryPoint\",\"urlTemplate\":\"https:\/\/www.sivatagirozsa.hu\/?s={search_term_string}\"},\"query-input\":\"required name=search_term_string\"}],\"inLanguage\":\"hu\"}]}<\/script>\n<!-- \/ Yoast SEO plugin. -->","yoast_head_json":{"title":"Adatkezel\u00e9si t\u00e1j\u00e9koztat\u00f3 - Sivatagi r\u00f3zsa","robots":{"index":"index","follow":"follow","max-snippet":"max-snippet:-1","max-image-preview":"max-image-preview:large","max-video-preview":"max-video-preview:-1"},"canonical":"https:\/\/www.sivatagirozsa.hu\/?page_id=149","og_locale":"hu_HU","og_type":"article","og_title":"Adatkezel\u00e9si t\u00e1j\u00e9koztat\u00f3 - Sivatagi r\u00f3zsa","og_description":"Kik vagyunk A weboldalunk c\u00edme: https:\/\/www.sivatagirozsa.hu. Papp-Hajnal Helga az Eur\u00f3pai Parlament \u00e9s a Tan\u00e1cs (EU) 2016\/679 sz\u00e1m\u00fa, a term\u00e9szetes szem\u00e9lyeknek a szem\u00e9lyes adatok kezel\u00e9se tekintet\u00e9ben t\u00f6rt\u00e9n\u0151 v\u00e9delm\u00e9r\u0151l \u00e9s az ilyen adatok szabad \u00e1raml\u00e1s\u00e1r\u00f3l, valamint a 95\/46\/EK ir\u00e1nyelv hat\u00e1lyon k\u00edv\u00fcl helyez\u00e9s\u00e9r\u0151l sz\u00f3l\u00f3 \u00e1ltal\u00e1nos adatv\u00e9delmi rendelet\u00e9vel (tov\u00e1bbiakban: \u00c1ltal\u00e1nos Adatv\u00e9delmi Rendelet\/GDPR) \u00f6sszhangban az al\u00e1bbi t\u00e1j\u00e9koztat\u00e1st adja: Az adatkezel\u0151 [&hellip;]","og_url":"https:\/\/www.sivatagirozsa.hu\/?page_id=149","og_site_name":"Sivatagi r\u00f3zsa","article_modified_time":"2024-03-02T17:16:18+00:00","twitter_card":"summary_large_image","twitter_misc":{"Becs\u00fclt olvas\u00e1si id\u0151":"8 perc"},"schema":{"@context":"https:\/\/schema.org","@graph":[{"@type":"WebPage","@id":"https:\/\/www.sivatagirozsa.hu\/?page_id=149","url":"https:\/\/www.sivatagirozsa.hu\/?page_id=149","name":"Adatkezel\u00e9si t\u00e1j\u00e9koztat\u00f3 - Sivatagi r\u00f3zsa","isPartOf":{"@id":"https:\/\/www.sivatagirozsa.hu\/#website"},"datePublished":"2024-03-02T17:16:16+00:00","dateModified":"2024-03-02T17:16:18+00:00","breadcrumb":{"@id":"https:\/\/www.sivatagirozsa.hu\/?page_id=149#breadcrumb"},"inLanguage":"hu","potentialAction":[{"@type":"ReadAction","target":["https:\/\/www.sivatagirozsa.hu\/?page_id=149"]}]},{"@type":"BreadcrumbList","@id":"https:\/\/www.sivatagirozsa.hu\/?page_id=149#breadcrumb","itemListElement":[{"@type":"ListItem","position":1,"name":"Home","item":"https:\/\/www.sivatagirozsa.hu\/"},{"@type":"ListItem","position":2,"name":"Adatkezel\u00e9si t\u00e1j\u00e9koztat\u00f3"}]},{"@type":"WebSite","@id":"https:\/\/www.sivatagirozsa.hu\/#website","url":"https:\/\/www.sivatagirozsa.hu\/","name":"Sivatagi r\u00f3zsa","description":"Helgi blogja hitr\u0151l, csal\u00e1dr\u00f3l, finoms\u00e1gokr\u00f3l a tany\u00e1r\u00f3l.","potentialAction":[{"@type":"SearchAction","target":{"@type":"EntryPoint","urlTemplate":"https:\/\/www.sivatagirozsa.hu\/?s={search_term_string}"},"query-input":"required name=search_term_string"}],"inLanguage":"hu"}]}},"_links":{"self":[{"href":"https:\/\/www.sivatagirozsa.hu\/index.php?rest_route=\/wp\/v2\/pages\/149"}],"collection":[{"href":"https:\/\/www.sivatagirozsa.hu\/index.php?rest_route=\/wp\/v2\/pages"}],"about":[{"href":"https:\/\/www.sivatagirozsa.hu\/index.php?rest_route=\/wp\/v2\/types\/page"}],"author":[{"embeddable":true,"href":"https:\/\/www.sivatagirozsa.hu\/index.php?rest_route=\/wp\/v2\/users\/1"}],"replies":[{"embeddable":true,"href":"https:\/\/www.sivatagirozsa.hu\/index.php?rest_route=%2Fwp%2Fv2%2Fcomments&post=149"}],"version-history":[{"count":1,"href":"https:\/\/www.sivatagirozsa.hu\/index.php?rest_route=\/wp\/v2\/pages\/149\/revisions"}],"predecessor-version":[{"id":150,"href":"https:\/\/www.sivatagirozsa.hu\/index.php?rest_route=\/wp\/v2\/pages\/149\/revisions\/150"}],"wp:attachment":[{"href":"https:\/\/www.sivatagirozsa.hu\/index.php?rest_route=%2Fwp%2Fv2%2Fmedia&parent=149"}],"curies":[{"name":"wp","href":"https:\/\/api.w.org\/{rel}","templated":true}]}}